{"id":400,"date":"2019-11-05T09:06:47","date_gmt":"2019-11-05T09:06:47","guid":{"rendered":"https:\/\/pedagogikamontessori.pl\/szkola\/otoczenie-copy\/"},"modified":"2023-04-19T16:41:00","modified_gmt":"2023-04-19T16:41:00","slug":"o-nas","status":"publish","type":"page","link":"https:\/\/pedagogikamontessori.pl\/szkola\/o-nas\/","title":{"rendered":"O nas"},"content":{"rendered":"\t\t<div data-elementor-type=\"wp-page\" data-elementor-id=\"400\" class=\"elementor elementor-400\" data-elementor-settings=\"[]\">\r\n\t\t\t\t\t\t<div class=\"elementor-inner\">\r\n\t\t\t\t\t\t\t<div class=\"elementor-section-wrap\">\r\n\t\t\t\t\t\t\t<section class=\"elementor-section elementor-top-section elementor-element elementor-element-49ace58 elementor-section-stretched elementor-section-height-min-height elementor-section-boxed elementor-section-height-default elementor-section-items-middle\" data-id=\"49ace58\" data-element_type=\"section\" data-settings=\"{&quot;stretch_section&quot;:&quot;section-stretched&quot;,&quot;background_background&quot;:&quot;classic&quot;}\">\r\n\t\t\t\t\t\t\t<div class=\"elementor-background-overlay\"><\/div>\r\n\t\t\t\t\t\t\t<div class=\"elementor-container elementor-column-gap-default\">\r\n\t\t\t\t\t\t\t<div class=\"elementor-row\">\r\n\t\t\t\t\t<div class=\"elementor-column elementor-col-100 elementor-top-column elementor-element elementor-element-ed920cb\" data-id=\"ed920cb\" data-element_type=\"column\">\r\n\t\t\t<div class=\"elementor-column-wrap elementor-element-populated\">\r\n\t\t\t\t\t\t\t<div class=\"elementor-widget-wrap\">\r\n\t\t\t\t\t\t<div class=\"elementor-element elementor-element-0c1fc73 elementor-widget elementor-widget-heading\" data-id=\"0c1fc73\" data-element_type=\"widget\" data-widget_type=\"heading.default\">\r\n\t\t\t\t<div class=\"elementor-widget-container\">\r\n\t\t\t<h1 class=\"elementor-heading-title elementor-size-default\">O nas<\/h1>\t\t<\/div>\r\n\t\t\t\t<\/div>\r\n\t\t\t\t<div class=\"elementor-element elementor-element-d206736 elementor-widget elementor-widget-breadcrumbs\" data-id=\"d206736\" data-element_type=\"widget\" data-widget_type=\"breadcrumbs.default\">\r\n\t\t\t\t<div class=\"elementor-widget-container\">\r\n\t\t\t<p id=\"breadcrumbs\"><span><span><a href=\"https:\/\/pedagogikamontessori.pl\/szkola\/\">Strona g\u0142\u00f3wna<\/a><\/span><\/p>\t\t<\/div>\r\n\t\t\t\t<\/div>\r\n\t\t\t\t\t\t<\/div>\r\n\t\t\t\t\t<\/div>\r\n\t\t<\/div>\r\n\t\t\t\t\t\t\t\t<\/div>\r\n\t\t\t\t\t<\/div>\r\n\t\t<\/section>\r\n\t\t\t\t<section class=\"elementor-section elementor-top-section elementor-element elementor-element-2a80303 elementor-section-stretched elementor-section-boxed elementor-section-height-default elementor-section-height-default\" data-id=\"2a80303\" data-element_type=\"section\" data-settings=\"{&quot;stretch_section&quot;:&quot;section-stretched&quot;}\">\r\n\t\t\t\t\t\t<div class=\"elementor-container elementor-column-gap-default\">\r\n\t\t\t\t\t\t\t<div class=\"elementor-row\">\r\n\t\t\t\t\t<div class=\"elementor-column elementor-col-100 elementor-top-column elementor-element elementor-element-2270ba0\" data-id=\"2270ba0\" data-element_type=\"column\">\r\n\t\t\t<div class=\"elementor-column-wrap elementor-element-populated\">\r\n\t\t\t\t\t\t\t<div class=\"elementor-widget-wrap\">\r\n\t\t\t\t\t\t<section class=\"elementor-section elementor-inner-section elementor-element elementor-element-142b990 elementor-section-boxed elementor-section-height-default elementor-section-height-default\" data-id=\"142b990\" data-element_type=\"section\">\r\n\t\t\t\t\t\t<div class=\"elementor-container elementor-column-gap-default\">\r\n\t\t\t\t\t\t\t<div class=\"elementor-row\">\r\n\t\t\t\t\t<div class=\"elementor-column elementor-col-50 elementor-inner-column elementor-element elementor-element-99aa1a8\" data-id=\"99aa1a8\" data-element_type=\"column\">\r\n\t\t\t<div class=\"elementor-column-wrap elementor-element-populated\">\r\n\t\t\t\t\t\t\t<div class=\"elementor-widget-wrap\">\r\n\t\t\t\t\t\t<div class=\"elementor-element elementor-element-d49a532 elementor-widget elementor-widget-image\" data-id=\"d49a532\" data-element_type=\"widget\" data-widget_type=\"image.default\">\r\n\t\t\t\t<div class=\"elementor-widget-container\">\r\n\t\t\t\t\t\t\t\t<div class=\"elementor-image\">\r\n\t\t\t\t\t\t\t\t\t\t\t\t<img loading=\"lazy\" decoding=\"async\" width=\"800\" height=\"533\" src=\"https:\/\/pedagogikamontessori.pl\/szkola\/wp-content\/uploads\/2019\/11\/iStock-637831704_800x533.jpg\" class=\"attachment-large size-large\" alt=\"\" srcset=\"https:\/\/pedagogikamontessori.pl\/szkola\/wp-content\/uploads\/2019\/11\/iStock-637831704_800x533.jpg 800w, https:\/\/pedagogikamontessori.pl\/szkola\/wp-content\/uploads\/2019\/11\/iStock-637831704_800x533-300x200.jpg 300w, https:\/\/pedagogikamontessori.pl\/szkola\/wp-content\/uploads\/2019\/11\/iStock-637831704_800x533-768x512.jpg 768w\" sizes=\"(max-width: 800px) 100vw, 800px\" \/>\t\t\t\t\t\t\t\t\t\t\t\t\t\t<\/div>\r\n\t\t\t\t\t\t<\/div>\r\n\t\t\t\t<\/div>\r\n\t\t\t\t\t\t<\/div>\r\n\t\t\t\t\t<\/div>\r\n\t\t<\/div>\r\n\t\t\t\t<div class=\"elementor-column elementor-col-50 elementor-inner-column elementor-element elementor-element-d906e2a\" data-id=\"d906e2a\" data-element_type=\"column\">\r\n\t\t\t<div class=\"elementor-column-wrap elementor-element-populated\">\r\n\t\t\t\t\t\t\t<div class=\"elementor-widget-wrap\">\r\n\t\t\t\t\t\t<div class=\"elementor-element elementor-element-2fe8809 elementor-widget elementor-widget-text-editor\" data-id=\"2fe8809\" data-element_type=\"widget\" data-widget_type=\"text-editor.default\">\r\n\t\t\t\t<div class=\"elementor-widget-container\">\r\n\t\t\t\t\t\t\t\t<div class=\"elementor-text-editor elementor-clearfix\">\r\n\t\t\t\t<p>Szko\u0142a zosta\u0142a za\u0142o\u017cona przez Fundacj\u0119 Edukacji i Kultury im. Marii Montessori. Powstanie naszej Szko\u0142y Montessori jest naturaln\u0105 kontynuacj\u0105 naszej d\u0142ugoletniej pracy w systemie Montessori. Od 2011 roku prowadzimy w\u0142asne montessoria\u0144skie plac\u00f3wki edukacyjne. Formalnie nasza szko\u0142a funkcjonuje od 2015 roku. Zaanga\u017cowali\u015bmy si\u0119 w edukacj\u0119 alternatywn\u0105, poniewa\u017c pragn\u0119li\u015bmy uwolni\u0107 dzieci od ogranicze\u0144, jakie nios\u0105 ze sob\u0105 konwencjonalne metody nauczania. Naszym kierunkiem jest wzbudzenie w podopiecznych entuzjazmu do nauki, otwarto\u015bci na ludzi i otoczenie, przy jednoczesnym budowaniu ich poczucia w\u0142asnej warto\u015bci opartego na prawid\u0142owej samoocenie. <br \/>Aktywnie uczestniczymy w \u017cyciu polskiego i mi\u0119dzynarodowego \u015brodowiska montessoria\u0144skiego. Wsp\u00f3\u0142pracujemy metodycznie z wieloma instytucjami m.in: Polskim Instytutem Montessori oraz Polsk\u0105 Rad\u0105 Montessori.\u00a0<\/p>\t\t\t\t\t<\/div>\r\n\t\t\t\t\t\t<\/div>\r\n\t\t\t\t<\/div>\r\n\t\t\t\t\t\t<\/div>\r\n\t\t\t\t\t<\/div>\r\n\t\t<\/div>\r\n\t\t\t\t\t\t\t\t<\/div>\r\n\t\t\t\t\t<\/div>\r\n\t\t<\/section>\r\n\t\t\t\t<section class=\"elementor-section elementor-inner-section elementor-element elementor-element-43891d8 elementor-section-boxed elementor-section-height-default elementor-section-height-default\" data-id=\"43891d8\" data-element_type=\"section\">\r\n\t\t\t\t\t\t<div class=\"elementor-container elementor-column-gap-default\">\r\n\t\t\t\t\t\t\t<div class=\"elementor-row\">\r\n\t\t\t\t\t<div class=\"elementor-column elementor-col-100 elementor-inner-column elementor-element elementor-element-987cc3e\" data-id=\"987cc3e\" data-element_type=\"column\">\r\n\t\t\t<div class=\"elementor-column-wrap elementor-element-populated\">\r\n\t\t\t\t\t\t\t<div class=\"elementor-widget-wrap\">\r\n\t\t\t\t\t\t<div class=\"elementor-element elementor-element-398e5b7 elementor-widget elementor-widget-text-editor\" data-id=\"398e5b7\" data-element_type=\"widget\" data-widget_type=\"text-editor.default\">\r\n\t\t\t\t<div class=\"elementor-widget-container\">\r\n\t\t\t\t\t\t\t\t<div class=\"elementor-text-editor elementor-clearfix\">\r\n\t\t\t\t<p>Emilia Polnau, za\u0142o\u017cycielka i dyrektor Szko\u0142y Przysta\u0144 Montessori. Absolwentka eksperymentalnej szko\u0142y demokratycznej w \u0141odzi. Tego czym jest szko\u0142a pe\u0142na szacunku i realnej indywidualizacji w nauczaniu do\u015bwiadczy\u0142a osobi\u015bcie. Absolwentka Uniwersytetu \u0141\u00f3dzkiego. Uko\u0144czy\u0142a filologi\u0119 polsk\u0105, informacj\u0119 naukow\u0105, dziennikarstwo, pedagogik\u0119 wczesnoszkoln\u0105 i przedszkoln\u0105 Montessori, pedagogik\u0119 specjaln\u0105 z oligofrenopedagogik\u0105 oraz psychologi\u0119 specj. kliniczn\u0105. Zami\u0142owanie do pracy z lud\u017ami sprawi\u0142o, \u017ce pracowa\u0142a jako specjalista od PR, redaktor naczelna lokalnej telewizji i wydawca reporta\u017cy w telewizji og\u00f3lnopolskiej. Od lat pracuj\u0105ca z dzie\u0107mi i m\u0142odzie\u017c\u0105. Zaanga\u017cowana w dzia\u0142alno\u015b\u0107 kilku stowarzysze\u0144 pracuj\u0105cych na rzecz dzieci. Wyk\u0142adowca Pedagogiki Montessori w Szkole Wy\u017cszej Przymierza Rodzin w Warszawie. Za\u0142o\u017cycielka dw\u00f3ch przedszkoli i szko\u0142y Montessori. Prezes Stowarzyszenia O\u015bwiatowego Montessori. Uczestnik i prelegent w kursach, konferencjach i warsztatach m.in: The Association Montessori Internationale AMI, Polskiego Instytutu Montessori, Polskiego Stowarzyszenia Montessori, Fundacji Ziarnko Maku, niemieckiej Szko\u0142y Montessori z Erfurtu.<\/p><p>Katarzyna Kaczmarska Kruger wiceprezes Fundacji i dyrektor Szko\u0142y Przysta\u0144 Montessori. Absolwentka studi\u00f3w ekonomicznych zarz\u0105dzania przedsi\u0119biorstwem z do\u015bwiadczeniem w prowadzeniu dzia\u0142alno\u015bci w sektorze finansowym, menad\u017cer projekt\u00f3w kulturalnych. Pedagog specjalny, oligofrenopedagog. Up\u00f3r i determinacje zbudowa\u0142o w niej je\u017adziectwo oraz lata start\u00f3w w offroadach. Pasjonatka przyrody, sport\u00f3w ekstremalnych i ludzi.<br \/>W powstanie naszej Szko\u0142y mieli wk\u0142ad tak\u017ce inni nasi przyjaciele m.in: wsp\u00f3\u0142za\u0142o\u017cycielk\u0105 Marta Zarzycka czy Jaros\u0142aw Jordan. Przez lata tworzymy miejsce, w kt\u00f3rym chcemy wspiera\u0107 dzieci w ich rozwoju.\u00a0<\/p>\t\t\t\t\t<\/div>\r\n\t\t\t\t\t\t<\/div>\r\n\t\t\t\t<\/div>\r\n\t\t\t\t\t\t<\/div>\r\n\t\t\t\t\t<\/div>\r\n\t\t<\/div>\r\n\t\t\t\t\t\t\t\t<\/div>\r\n\t\t\t\t\t<\/div>\r\n\t\t<\/section>\r\n\t\t\t\t\t\t<\/div>\r\n\t\t\t\t\t<\/div>\r\n\t\t<\/div>\r\n\t\t\t\t\t\t\t\t<\/div>\r\n\t\t\t\t\t<\/div>\r\n\t\t<\/section>\r\n\t\t\t\t\t\t<\/div>\r\n\t\t\t\t\t\t<\/div>\r\n\t\t\t\t\t<\/div>\r\n\t\t","protected":false},"excerpt":{"rendered":"<p>O nas Szko\u0142a zosta\u0142a za\u0142o\u017cona przez Fundacj\u0119 Edukacji i Kultury im. Marii Montessori. Powstanie naszej Szko\u0142y Montessori jest naturaln\u0105 kontynuacj\u0105 naszej d\u0142ugoletniej pracy w systemie Montessori. Od 2011 roku prowadzimy w\u0142asne montessoria\u0144skie plac\u00f3wki edukacyjne. Formalnie nasza szko\u0142a funkcjonuje od 2015 roku. Zaanga\u017cowali\u015bmy si\u0119 w edukacj\u0119 alternatywn\u0105, poniewa\u017c pragn\u0119li\u015bmy uwolni\u0107 dzieci od ogranicze\u0144, jakie nios\u0105 ze [&hellip;]<\/p>\n","protected":false},"author":1,"featured_media":0,"parent":0,"menu_order":0,"comment_status":"closed","ping_status":"closed","template":"","meta":{"footnotes":""},"yoast_head":"<!-- This site is optimized with the Yoast SEO plugin v15.6.2 - https:\/\/yoast.com\/wordpress\/plugins\/seo\/ -->\n<title>O nas - Montessori - Szko\u0142a<\/title>\n<meta name=\"robots\" content=\"index, follow, max-snippet:-1, max-image-preview:large, max-video-preview:-1\" \/>\n<link rel=\"canonical\" href=\"https:\/\/pedagogikamontessori.pl\/szkola\/o-nas\/\" \/>\n<meta property=\"og:locale\" content=\"pl_PL\" \/>\n<meta property=\"og:type\" content=\"article\" \/>\n<meta property=\"og:title\" content=\"O nas - Montessori - Szko\u0142a\" \/>\n<meta property=\"og:description\" content=\"O nas Szko\u0142a zosta\u0142a za\u0142o\u017cona przez Fundacj\u0119 Edukacji i Kultury im. Marii Montessori. Powstanie naszej Szko\u0142y Montessori jest naturaln\u0105 kontynuacj\u0105 naszej d\u0142ugoletniej pracy w systemie Montessori. Od 2011 roku prowadzimy w\u0142asne montessoria\u0144skie plac\u00f3wki edukacyjne. Formalnie nasza szko\u0142a funkcjonuje od 2015 roku. Zaanga\u017cowali\u015bmy si\u0119 w edukacj\u0119 alternatywn\u0105, poniewa\u017c pragn\u0119li\u015bmy uwolni\u0107 dzieci od ogranicze\u0144, jakie nios\u0105 ze [&hellip;]\" \/>\n<meta property=\"og:url\" content=\"https:\/\/pedagogikamontessori.pl\/szkola\/o-nas\/\" \/>\n<meta property=\"og:site_name\" content=\"Montessori - Szko\u0142a\" \/>\n<meta property=\"article:modified_time\" content=\"2023-04-19T16:41:00+00:00\" \/>\n<meta property=\"og:image\" content=\"https:\/\/pedagogikamontessori.pl\/szkola\/wp-content\/uploads\/2019\/11\/iStock-637831704_800x533.jpg\" \/>\n<meta name=\"twitter:card\" content=\"summary_large_image\" \/>\n<meta name=\"twitter:label1\" content=\"Est. reading time\">\n\t<meta name=\"twitter:data1\" content=\"2 minuty\">\n<script type=\"application\/ld+json\" class=\"yoast-schema-graph\">{\"@context\":\"https:\/\/schema.org\",\"@graph\":[{\"@type\":\"WebSite\",\"@id\":\"https:\/\/pedagogikamontessori.pl\/szkola\/#website\",\"url\":\"https:\/\/pedagogikamontessori.pl\/szkola\/\",\"name\":\"Montessori - Szko\\u0142a\",\"description\":\"Kolejna witryna WordPress\",\"potentialAction\":[{\"@type\":\"SearchAction\",\"target\":\"https:\/\/pedagogikamontessori.pl\/szkola\/?s={search_term_string}\",\"query-input\":\"required name=search_term_string\"}],\"inLanguage\":\"pl-PL\"},{\"@type\":\"ImageObject\",\"@id\":\"https:\/\/pedagogikamontessori.pl\/szkola\/o-nas\/#primaryimage\",\"inLanguage\":\"pl-PL\",\"url\":\"https:\/\/pedagogikamontessori.pl\/szkola\/wp-content\/uploads\/2019\/11\/iStock-637831704_800x533.jpg\",\"width\":800,\"height\":533},{\"@type\":\"WebPage\",\"@id\":\"https:\/\/pedagogikamontessori.pl\/szkola\/o-nas\/#webpage\",\"url\":\"https:\/\/pedagogikamontessori.pl\/szkola\/o-nas\/\",\"name\":\"O nas - Montessori - Szko\\u0142a\",\"isPartOf\":{\"@id\":\"https:\/\/pedagogikamontessori.pl\/szkola\/#website\"},\"primaryImageOfPage\":{\"@id\":\"https:\/\/pedagogikamontessori.pl\/szkola\/o-nas\/#primaryimage\"},\"datePublished\":\"2019-11-05T09:06:47+00:00\",\"dateModified\":\"2023-04-19T16:41:00+00:00\",\"breadcrumb\":{\"@id\":\"https:\/\/pedagogikamontessori.pl\/szkola\/o-nas\/#breadcrumb\"},\"inLanguage\":\"pl-PL\",\"potentialAction\":[{\"@type\":\"ReadAction\",\"target\":[\"https:\/\/pedagogikamontessori.pl\/szkola\/o-nas\/\"]}]},{\"@type\":\"BreadcrumbList\",\"@id\":\"https:\/\/pedagogikamontessori.pl\/szkola\/o-nas\/#breadcrumb\",\"itemListElement\":[{\"@type\":\"ListItem\",\"position\":1,\"item\":{\"@type\":\"WebPage\",\"@id\":\"https:\/\/pedagogikamontessori.pl\/szkola\/\",\"url\":\"https:\/\/pedagogikamontessori.pl\/szkola\/\",\"name\":\"Strona g\\u0142\\u00f3wna\"}},{\"@type\":\"ListItem\",\"position\":2,\"item\":{\"@type\":\"WebPage\",\"@id\":\"https:\/\/pedagogikamontessori.pl\/szkola\/o-nas\/\",\"url\":\"https:\/\/pedagogikamontessori.pl\/szkola\/o-nas\/\",\"name\":\"O nas\"}}]}]}<\/script>\n<!-- \/ Yoast SEO plugin. -->","_links":{"self":[{"href":"https:\/\/pedagogikamontessori.pl\/szkola\/wp-json\/wp\/v2\/pages\/400"}],"collection":[{"href":"https:\/\/pedagogikamontessori.pl\/szkola\/wp-json\/wp\/v2\/pages"}],"about":[{"href":"https:\/\/pedagogikamontessori.pl\/szkola\/wp-json\/wp\/v2\/types\/page"}],"author":[{"embeddable":true,"href":"https:\/\/pedagogikamontessori.pl\/szkola\/wp-json\/wp\/v2\/users\/1"}],"replies":[{"embeddable":true,"href":"https:\/\/pedagogikamontessori.pl\/szkola\/wp-json\/wp\/v2\/comments?post=400"}],"version-history":[{"count":18,"href":"https:\/\/pedagogikamontessori.pl\/szkola\/wp-json\/wp\/v2\/pages\/400\/revisions"}],"predecessor-version":[{"id":1263,"href":"https:\/\/pedagogikamontessori.pl\/szkola\/wp-json\/wp\/v2\/pages\/400\/revisions\/1263"}],"wp:attachment":[{"href":"https:\/\/pedagogikamontessori.pl\/szkola\/wp-json\/wp\/v2\/media?parent=400"}],"curies":[{"name":"wp","href":"https:\/\/api.w.org\/{rel}","templated":true}]}}